{"id":1013,"date":"2023-10-30T08:02:49","date_gmt":"2023-10-30T07:02:49","guid":{"rendered":"https:\/\/www.tales-of-rock.de\/wordpress\/?page_id=1013"},"modified":"2025-11-17T11:13:38","modified_gmt":"2025-11-17T10:13:38","slug":"besetzung","status":"publish","type":"page","link":"https:\/\/www.tales-of-rock.de\/wordpress\/besetzung\/","title":{"rendered":"Besetzung"},"content":{"rendered":"<p>[et_pb_section fb_built=&#8220;1&#8243; _builder_version=&#8220;4.23&#8243; _module_preset=&#8220;default&#8220; background_color=&#8220;RGBA(255,255,255,0)&#8220; use_background_color_gradient=&#8220;on&#8220; background_color_gradient_type=&#8220;circular&#8220; background_color_gradient_stops=&#8220;rgba(0,0,0,0.8) 20%|rgba(0,0,0,0.7) 80%&#8220; background_color_gradient_overlays_image=&#8220;on&#8220; background_image=&#8220;https:\/\/www.tales-of-rock.de\/wordpress\/wp-content\/uploads\/causeway2.jpg&#8220; parallax=&#8220;on&#8220; min_height=&#8220;100vh&#8220; global_colors_info=&#8220;{}&#8220;][et_pb_row column_structure=&#8220;1_2,1_2&#8243; module_id=&#8220;oliver&#8220; _builder_version=&#8220;4.23&#8243; _module_preset=&#8220;default&#8220; background_color=&#8220;RGBA(255,255,255,0)&#8220; min_height=&#8220;100%&#8220; height=&#8220;100%&#8220; max_height=&#8220;100%&#8220; global_colors_info=&#8220;{}&#8220;][et_pb_column type=&#8220;1_2&#8243; _builder_version=&#8220;4.22.2&#8243; _module_preset=&#8220;default&#8220; global_colors_info=&#8220;{}&#8220;][et_pb_image src=&#8220;https:\/\/www.tales-of-rock.de\/wordpress\/wp-content\/uploads\/oliver.jpg&#8220; title_text=&#8220;oliver&#8220; admin_label=&#8220;Oli&#8220; _builder_version=&#8220;4.27.4&#8243; _module_preset=&#8220;default&#8220; global_colors_info=&#8220;{}&#8220;][\/et_pb_image][\/et_pb_column][et_pb_column type=&#8220;1_2&#8243; _builder_version=&#8220;4.22.2&#8243; _module_preset=&#8220;default&#8220; global_colors_info=&#8220;{}&#8220;][et_pb_heading title=&#8220;Oliver (Gesang)&#8220; _builder_version=&#8220;4.23&#8243; _module_preset=&#8220;default&#8220; title_font=&#8220;|700|||||||&#8220; title_text_color=&#8220;#E09900&#8243; global_colors_info=&#8220;{}&#8220;][\/et_pb_heading][et_pb_text _builder_version=&#8220;4.23&#8243; _module_preset=&#8220;default&#8220; text_text_color=&#8220;#FFFFFF&#8220; text_line_height=&#8220;1.8em&#8220; header_font_size=&#8220;20px&#8220; background_layout=&#8220;dark&#8220; text_font_size_tablet=&#8220;12px&#8220; text_font_size_phone=&#8220;10px&#8220; text_font_size_last_edited=&#8220;on|phone&#8220; text_line_height_tablet=&#8220;1.8em&#8220; text_line_height_phone=&#8220;1.8em&#8220; text_line_height_last_edited=&#8220;off|phone&#8220; header_font_size_tablet=&#8220;18px&#8220; header_font_size_phone=&#8220;16px&#8220; header_font_size_last_edited=&#8220;on|desktop&#8220; global_colors_info=&#8220;{}&#8220;]Oli ist seit ~20 Jahren musikalisch auf der B\u00fchne als S\u00e4nger unterwegs, kann aber auch durchaus &#8222;richtige&#8220; Instrumente bedienen, unter anderem Akkordeon und Gitarre \ud83d\ude09 [\/et_pb_text][\/et_pb_column][\/et_pb_row][et_pb_row column_structure=&#8220;1_2,1_2&#8243; module_id=&#8220;kai&#8220; _builder_version=&#8220;4.27.4&#8243; _module_preset=&#8220;default&#8220; background_color=&#8220;RGBA(255,255,255,0)&#8220; min_height=&#8220;100%&#8220; height=&#8220;100%&#8220; max_height=&#8220;100%&#8220; global_colors_info=&#8220;{}&#8220;][et_pb_column type=&#8220;1_2&#8243; _builder_version=&#8220;4.22.2&#8243; _module_preset=&#8220;default&#8220; global_colors_info=&#8220;{}&#8220;][et_pb_image src=&#8220;https:\/\/www.tales-of-rock.de\/wordpress\/wp-content\/uploads\/kai2.jpg&#8220; title_text=&#8220;kai&#8220; admin_label=&#8220;Kai&#8220; _builder_version=&#8220;4.27.4&#8243; _module_preset=&#8220;default&#8220; global_colors_info=&#8220;{}&#8220;][\/et_pb_image][\/et_pb_column][et_pb_column type=&#8220;1_2&#8243; _builder_version=&#8220;4.22.2&#8243; _module_preset=&#8220;default&#8220; global_colors_info=&#8220;{}&#8220;][et_pb_heading title=&#8220;Kai (Gesang)&#8220; _builder_version=&#8220;4.27.4&#8243; _module_preset=&#8220;default&#8220; title_font=&#8220;|700|||||||&#8220; title_text_color=&#8220;#E09900&#8243; global_colors_info=&#8220;{}&#8220;][\/et_pb_heading][et_pb_text _builder_version=&#8220;4.27.4&#8243; _module_preset=&#8220;default&#8220; text_text_color=&#8220;#FFFFFF&#8220; text_line_height=&#8220;1.8em&#8220; header_font_size=&#8220;20px&#8220; background_layout=&#8220;dark&#8220; text_font_size_tablet=&#8220;12px&#8220; text_font_size_phone=&#8220;10px&#8220; text_font_size_last_edited=&#8220;on|phone&#8220; text_line_height_tablet=&#8220;1.8em&#8220; text_line_height_phone=&#8220;1.8em&#8220; text_line_height_last_edited=&#8220;off|phone&#8220; header_font_size_tablet=&#8220;18px&#8220; header_font_size_phone=&#8220;16px&#8220; header_font_size_last_edited=&#8220;on|desktop&#8220; global_colors_info=&#8220;{}&#8220;]Als Urgestein der Bergstr\u00e4\u00dfer Musikszene macht Kai die erste Reihe der TALES komplett. Klassischer Rock ist genau seins, auch wenn er oft die Hosen anhat. <\/p>\n<p>Kais erste Band war bereits 1987 am Start und diese (Lebens-)Erfahrung kann man h\u00f6ren und &#8211; wenn die Menge tobt &#8211; auch sehen und f\u00fchlen. Welcome to the stage! [\/et_pb_text][\/et_pb_column][\/et_pb_row][et_pb_row column_structure=&#8220;1_2,1_2&#8243; module_id=&#8220;michael&#8220; _builder_version=&#8220;4.23&#8243; _module_preset=&#8220;default&#8220; background_color=&#8220;RGBA(255,255,255,0)&#8220; min_height=&#8220;100%&#8220; height=&#8220;100%&#8220; max_height=&#8220;100%&#8220; global_colors_info=&#8220;{}&#8220;][et_pb_column type=&#8220;1_2&#8243; _builder_version=&#8220;4.22.2&#8243; _module_preset=&#8220;default&#8220; global_colors_info=&#8220;{}&#8220;][et_pb_image src=&#8220;https:\/\/www.tales-of-rock.de\/wordpress\/wp-content\/uploads\/michael.jpg&#8220; title_text=&#8220;michael&#8220; admin_label=&#8220;Michael&#8220; _builder_version=&#8220;4.27.4&#8243; _module_preset=&#8220;default&#8220; global_colors_info=&#8220;{}&#8220;][\/et_pb_image][\/et_pb_column][et_pb_column type=&#8220;1_2&#8243; _builder_version=&#8220;4.22.2&#8243; _module_preset=&#8220;default&#8220; global_colors_info=&#8220;{}&#8220;][et_pb_heading title=&#8220;Michael (Gitarre)&#8220; _builder_version=&#8220;4.23&#8243; _module_preset=&#8220;default&#8220; title_font=&#8220;|700|||||||&#8220; title_text_color=&#8220;#E09900&#8243; global_colors_info=&#8220;{}&#8220;][\/et_pb_heading][et_pb_text _builder_version=&#8220;4.23&#8243; _module_preset=&#8220;default&#8220; text_text_color=&#8220;#FFFFFF&#8220; text_line_height=&#8220;1.8em&#8220; header_font_size=&#8220;20px&#8220; background_layout=&#8220;dark&#8220; text_font_size_tablet=&#8220;12px&#8220; text_font_size_phone=&#8220;10px&#8220; text_font_size_last_edited=&#8220;on|phone&#8220; text_line_height_tablet=&#8220;1.8em&#8220; text_line_height_phone=&#8220;1.8em&#8220; text_line_height_last_edited=&#8220;off|phone&#8220; header_font_size_tablet=&#8220;18px&#8220; header_font_size_phone=&#8220;16px&#8220; header_font_size_last_edited=&#8220;on|desktop&#8220; global_colors_info=&#8220;{}&#8220;]Eine Erste oder Zweite Gitarre gibt es bei uns nicht, nur eine &#8222;Andere&#8220;! Und die ist voller Gef\u00fchl. Als h\u00e4tte er die Chance, mit seinen gro\u00dfen Idolen das Wembley Stadion zu bespielen, so ist es, wenn er die Sechssaitige bearbeitet. <\/p>\n<p>Augen zu und ab in eine andere Welt, dabei immer voll auf Liveaction gepolt, um dem Zuh\u00f6rer nicht nur was f\u00fcrs Ohr, sondern auch f\u00fcrs Auge zu bieten. Wenn bei den TALES jemand f\u00fcr den Rock steht und gleichzeitig die Hosen an hat, dann Mike &#8222;The Beast&#8220;! Wie sangen die Herren bei Foreigner so treffend? &#8222;He had one guitar&#8230;&#8220;[\/et_pb_text][\/et_pb_column][\/et_pb_row][et_pb_row column_structure=&#8220;1_2,1_2&#8243; module_id=&#8220;joerg&#8220; _builder_version=&#8220;4.23&#8243; _module_preset=&#8220;default&#8220; background_color=&#8220;RGBA(255,255,255,0)&#8220; min_height=&#8220;100%&#8220; height=&#8220;100%&#8220; max_height=&#8220;100%&#8220; global_colors_info=&#8220;{}&#8220;][et_pb_column type=&#8220;1_2&#8243; _builder_version=&#8220;4.22.2&#8243; _module_preset=&#8220;default&#8220; global_colors_info=&#8220;{}&#8220;][et_pb_image src=&#8220;https:\/\/www.tales-of-rock.de\/wordpress\/wp-content\/uploads\/team\/joerg21.jpg&#8220; title_text=&#8220;joerg2&#8243; url=&#8220;https:\/\/www.tales-of-rock.de\/wordpress\/besetzung\/#joerg&#8220; admin_label=&#8220;J\u00f6rg&#8220; _builder_version=&#8220;4.27.4&#8243; _module_preset=&#8220;default&#8220; global_colors_info=&#8220;{}&#8220;][\/et_pb_image][\/et_pb_column][et_pb_column type=&#8220;1_2&#8243; _builder_version=&#8220;4.22.2&#8243; _module_preset=&#8220;default&#8220; global_colors_info=&#8220;{}&#8220;][et_pb_heading title=&#8220;J\u00f6rg (Gitarre)&#8220; _builder_version=&#8220;4.23&#8243; _module_preset=&#8220;default&#8220; title_font=&#8220;|700|||||||&#8220; title_text_color=&#8220;#E09900&#8243; global_colors_info=&#8220;{}&#8220;][\/et_pb_heading][et_pb_text _builder_version=&#8220;4.23&#8243; _module_preset=&#8220;default&#8220; text_text_color=&#8220;#FFFFFF&#8220; text_line_height=&#8220;1.8em&#8220; header_font_size=&#8220;20px&#8220; background_layout=&#8220;dark&#8220; text_font_size_tablet=&#8220;12px&#8220; text_font_size_phone=&#8220;10px&#8220; text_font_size_last_edited=&#8220;on|phone&#8220; text_line_height_tablet=&#8220;1.8em&#8220; text_line_height_phone=&#8220;1.8em&#8220; text_line_height_last_edited=&#8220;off|phone&#8220; header_font_size_tablet=&#8220;18px&#8220; header_font_size_phone=&#8220;16px&#8220; header_font_size_last_edited=&#8220;on|desktop&#8220; global_colors_info=&#8220;{}&#8220;]Ist ein Gitarrensolo kaum vom Original zu unterscheiden und dreht sich selbst der gr\u00f6\u00dfte Musikmuffel ungl\u00e4ubig von der Theke zur B\u00fchne, um zu sehen, ob die Band noch spielt oder schon die CD l\u00e4uft, dann ist er wieder voll in seinem Element: Unser Filigrantechniker an der Gitarre! <\/p>\n<p>Ob erste Reihe oder der Tisch ganz hinten, er geht gerne mal auf Wanderschaft beim Spielen und kommt auf einen Sprung vorbei. Stets gut gelaunt sorgt er f\u00fcr ein Stimmungshoch nach dem anderen. Ihm darfst du gerne auf die Finger schauen w\u00e4hrend der Arbeit \ud83d\ude42 [\/et_pb_text][\/et_pb_column][\/et_pb_row][et_pb_row column_structure=&#8220;1_2,1_2&#8243; module_id=&#8220;witold&#8220; _builder_version=&#8220;4.23&#8243; _module_preset=&#8220;default&#8220; background_color=&#8220;RGBA(255,255,255,0)&#8220; min_height=&#8220;100%&#8220; height=&#8220;100%&#8220; max_height=&#8220;100%&#8220; global_colors_info=&#8220;{}&#8220;][et_pb_column type=&#8220;1_2&#8243; _builder_version=&#8220;4.22.2&#8243; _module_preset=&#8220;default&#8220; global_colors_info=&#8220;{}&#8220;][et_pb_image src=&#8220;https:\/\/www.tales-of-rock.de\/wordpress\/wp-content\/uploads\/witold.jpg&#8220; title_text=&#8220;witold&#8220; admin_label=&#8220;Witold&#8220; _builder_version=&#8220;4.27.4&#8243; _module_preset=&#8220;default&#8220; global_colors_info=&#8220;{}&#8220;][\/et_pb_image][\/et_pb_column][et_pb_column type=&#8220;1_2&#8243; _builder_version=&#8220;4.22.2&#8243; _module_preset=&#8220;default&#8220; global_colors_info=&#8220;{}&#8220;][et_pb_heading title=&#8220;Witold (Bass)&#8220; _builder_version=&#8220;4.23&#8243; _module_preset=&#8220;default&#8220; title_font=&#8220;|700|||||||&#8220; title_text_color=&#8220;#E09900&#8243; global_colors_info=&#8220;{}&#8220;][\/et_pb_heading][et_pb_text _builder_version=&#8220;4.23&#8243; _module_preset=&#8220;default&#8220; text_text_color=&#8220;#FFFFFF&#8220; text_line_height=&#8220;1.8em&#8220; header_font_size=&#8220;20px&#8220; background_layout=&#8220;dark&#8220; text_font_size_tablet=&#8220;12px&#8220; text_font_size_phone=&#8220;10px&#8220; text_font_size_last_edited=&#8220;on|phone&#8220; text_line_height_tablet=&#8220;1.8em&#8220; text_line_height_phone=&#8220;1.8em&#8220; text_line_height_last_edited=&#8220;off|phone&#8220; header_font_size_tablet=&#8220;18px&#8220; header_font_size_phone=&#8220;16px&#8220; header_font_size_last_edited=&#8220;on|desktop&#8220; global_colors_info=&#8220;{}&#8220;]Witold ist ein echter Multi-Instrumentalist: Neben dem Vier- und F\u00fcnfsaiter bedient er auch recht passabel Drums und Keys und am Lagerfeuer kann man ihm sogar eine Gitarre in die Hand dr\u00fccken. <\/p>\n<p>Mit mehr als 30 Jahren Band-Erfahrung &#8211; davon 20 Jahre als Bassist &#8211; auf den kleinen und gro\u00dfen B\u00fchnen dieser Welt hat er au\u00dferdem bewiesen, dass er mehr ist als nur der stille Bassmann im Hintergrund. Auch seine Showman-Qualit\u00e4ten stehen den Gitarristen dieser Welt in nichts nach. <\/p>\n<p>Seit Anfang 2020 ist er nun bei den Tales f\u00fcr das Fundament verantwortlich. Nur zum Background-Gesang m\u00fcssen wir ihn noch \u00fcberreden, aber das l\u00e4uft.[\/et_pb_text][\/et_pb_column][\/et_pb_row][et_pb_row column_structure=&#8220;1_2,1_2&#8243; module_id=&#8220;sascha&#8220; _builder_version=&#8220;4.27.0&#8243; _module_preset=&#8220;default&#8220; background_color=&#8220;RGBA(255,255,255,0)&#8220; min_height=&#8220;100%&#8220; height=&#8220;100%&#8220; max_height=&#8220;100%&#8220; global_colors_info=&#8220;{}&#8220;][et_pb_column type=&#8220;1_2&#8243; _builder_version=&#8220;4.22.2&#8243; _module_preset=&#8220;default&#8220; global_colors_info=&#8220;{}&#8220;][et_pb_image src=&#8220;https:\/\/www.tales-of-rock.de\/wordpress\/wp-content\/uploads\/sascha-1.jpg&#8220; title_text=&#8220;sascha&#8220; admin_label=&#8220;Sascha&#8220; _builder_version=&#8220;4.27.4&#8243; _module_preset=&#8220;default&#8220; global_colors_info=&#8220;{}&#8220;][\/et_pb_image][\/et_pb_column][et_pb_column type=&#8220;1_2&#8243; _builder_version=&#8220;4.22.2&#8243; _module_preset=&#8220;default&#8220; global_colors_info=&#8220;{}&#8220;][et_pb_heading title=&#8220;Sascha (Schlagzeug)&#8220; _builder_version=&#8220;4.27.0&#8243; _module_preset=&#8220;default&#8220; title_font=&#8220;|700|||||||&#8220; title_text_color=&#8220;#E09900&#8243; global_colors_info=&#8220;{}&#8220;][\/et_pb_heading][et_pb_text _builder_version=&#8220;4.27.0&#8243; _module_preset=&#8220;default&#8220; text_text_color=&#8220;#FFFFFF&#8220; text_line_height=&#8220;1.8em&#8220; header_font_size=&#8220;20px&#8220; background_layout=&#8220;dark&#8220; text_font_size_tablet=&#8220;12px&#8220; text_font_size_phone=&#8220;10px&#8220; text_font_size_last_edited=&#8220;on|phone&#8220; text_line_height_tablet=&#8220;1.8em&#8220; text_line_height_phone=&#8220;1.8em&#8220; text_line_height_last_edited=&#8220;off|phone&#8220; header_font_size_tablet=&#8220;18px&#8220; header_font_size_phone=&#8220;16px&#8220; header_font_size_last_edited=&#8220;on|desktop&#8220; global_colors_info=&#8220;{}&#8220;]<\/p>\n<p>Der verlorene Sohn ist zur\u00fcck! Sascha bedient nach mehrj\u00e4hriger Tales-Pause nun wieder das Schlagzeug und lotst uns taktsicher durch die musikalischen Klippen unserer Setlist. Dass seine musikalischen Wurzeln im Progressive Rock liegen, ist nicht zu \u00fcberh\u00f6ren &#8211; und es kommt uns beim Gro\u00dfteil der Songs durchaus entgegen \ud83d\ude42<\/p>\n<p>[\/et_pb_text][\/et_pb_column][\/et_pb_row][et_pb_row column_structure=&#8220;1_2,1_2&#8243; module_id=&#8220;dominic&#8220; _builder_version=&#8220;4.23&#8243; _module_preset=&#8220;default&#8220; background_color=&#8220;RGBA(255,255,255,0)&#8220; min_height=&#8220;100%&#8220; height=&#8220;100%&#8220; max_height=&#8220;100%&#8220; global_colors_info=&#8220;{}&#8220;][et_pb_column type=&#8220;1_2&#8243; _builder_version=&#8220;4.22.2&#8243; _module_preset=&#8220;default&#8220; global_colors_info=&#8220;{}&#8220;][et_pb_image src=&#8220;https:\/\/www.tales-of-rock.de\/wordpress\/wp-content\/uploads\/dominic5.jpg&#8220; title_text=&#8220;dominic5&#8243; admin_label=&#8220;Dominic&#8220; _builder_version=&#8220;4.27.4&#8243; _module_preset=&#8220;default&#8220; global_colors_info=&#8220;{}&#8220;][\/et_pb_image][\/et_pb_column][et_pb_column type=&#8220;1_2&#8243; _builder_version=&#8220;4.22.2&#8243; _module_preset=&#8220;default&#8220; global_colors_info=&#8220;{}&#8220;][et_pb_heading title=&#8220;Dominic (Keyboard)&#8220; _builder_version=&#8220;4.23&#8243; _module_preset=&#8220;default&#8220; title_font=&#8220;|700|||||||&#8220; title_text_color=&#8220;#E09900&#8243; global_colors_info=&#8220;{}&#8220;][\/et_pb_heading][et_pb_text _builder_version=&#8220;4.23&#8243; _module_preset=&#8220;default&#8220; text_text_color=&#8220;#FFFFFF&#8220; text_line_height=&#8220;1.8em&#8220; header_font_size=&#8220;20px&#8220; background_layout=&#8220;dark&#8220; text_font_size_tablet=&#8220;12px&#8220; text_font_size_phone=&#8220;10px&#8220; text_font_size_last_edited=&#8220;on|phone&#8220; text_line_height_tablet=&#8220;1.8em&#8220; text_line_height_phone=&#8220;1.8em&#8220; text_line_height_last_edited=&#8220;off|phone&#8220; header_font_size_tablet=&#8220;18px&#8220; header_font_size_phone=&#8220;16px&#8220; header_font_size_last_edited=&#8220;on|desktop&#8220; global_colors_info=&#8220;{}&#8220;]Nach langj\u00e4hriger, klassischer Klavierausbildung kam unser Keyboarder irgendwann von den Pfaden der E-Musik ab und verfiel zunehmend den Reizen elektronischer Ausdrucksm\u00f6glichkeiten. Die Einsamkeit seines Heimstudios trieb ihn aber schlie\u00dflich in unseren Probenkeller, wo er seither mit vorzugsweise elektromechanischem Ger\u00e4t Idolen wie Jon Lord und Franz Lambert nacheifert &#8211; ist schlie\u00dflich auch irgendwie &#8222;klassisch&#8220; \ud83d\ude09<\/p>\n<p>Da die \u00fcblichen 2-3 Manuale seiner Instrumente nicht gen\u00fcgend Tasten bereitstellen, klimpert &#8222;Jon Bontempi&#8220; zus\u00e4tzlich auf den Keyboards diverser PCs, um das ToR-Design und die Website zu betreuen. Bedarf an Logos, Flyern, Plakaten oder sonstigem kreativen Input kann auf dem kleinen Dienstweg direkt an <a style=\"color: #c27c2e;\" href=\"mailto:dominic@tales-of-rock.de\">dominic@tales-of-rock.de<\/a> ge\u00e4u\u00dfert werden.[\/et_pb_text][\/et_pb_column][\/et_pb_row][\/et_pb_section]<\/p>\n","protected":false},"excerpt":{"rendered":"<p>Oli ist seit ~20 Jahren musikalisch auf der B\u00fchne als S\u00e4nger unterwegs, kann aber auch durchaus &#8222;richtige&#8220; Instrumente bedienen, unter anderem Akkordeon und Gitarre \ud83d\ude09 Als Urgestein der Bergstr\u00e4\u00dfer Musikszene macht Kai die erste Reihe der TALES komplett. Klassischer Rock ist genau seins, auch wenn er oft die Hosen anhat. Kais erste Band war bereits [&hellip;]<\/p>\n","protected":false},"author":1,"featured_media":0,"parent":0,"menu_order":0,"comment_status":"closed","ping_status":"closed","template":"","meta":{"_et_pb_use_builder":"on","_et_pb_old_content":"","_et_gb_content_width":"","footnotes":""},"class_list":["post-1013","page","type-page","status-publish","hentry"],"_links":{"self":[{"href":"https:\/\/www.tales-of-rock.de\/wordpress\/wp-json\/wp\/v2\/pages\/1013","targetHints":{"allow":["GET"]}}],"collection":[{"href":"https:\/\/www.tales-of-rock.de\/wordpress\/wp-json\/wp\/v2\/pages"}],"about":[{"href":"https:\/\/www.tales-of-rock.de\/wordpress\/wp-json\/wp\/v2\/types\/page"}],"author":[{"embeddable":true,"href":"https:\/\/www.tales-of-rock.de\/wordpress\/wp-json\/wp\/v2\/users\/1"}],"replies":[{"embeddable":true,"href":"https:\/\/www.tales-of-rock.de\/wordpress\/wp-json\/wp\/v2\/comments?post=1013"}],"version-history":[{"count":12,"href":"https:\/\/www.tales-of-rock.de\/wordpress\/wp-json\/wp\/v2\/pages\/1013\/revisions"}],"predecessor-version":[{"id":1231,"href":"https:\/\/www.tales-of-rock.de\/wordpress\/wp-json\/wp\/v2\/pages\/1013\/revisions\/1231"}],"wp:attachment":[{"href":"https:\/\/www.tales-of-rock.de\/wordpress\/wp-json\/wp\/v2\/media?parent=1013"}],"curies":[{"name":"wp","href":"https:\/\/api.w.org\/{rel}","templated":true}]}}